{"id":298,"date":"2014-08-03T13:56:23","date_gmt":"2014-08-03T11:56:23","guid":{"rendered":"http:\/\/essv.fr\/?page_id=298"},"modified":"2018-04-09T16:04:09","modified_gmt":"2018-04-09T14:04:09","slug":"activites","status":"publish","type":"page","link":"https:\/\/essv.fr\/index.php\/activites\/","title":{"rendered":"L&rsquo;ESSV EN MOUVEMENT :  Activit\u00e9s et projets"},"content":{"rendered":"<h4><span style=\"color: #3366ff;\">Au del\u00e0 de ce que nos cavaliers d\u00e9ficients visuels ont pu concr\u00e9tiser par leur ma\u00eetrise de l&rsquo;Equitation sensitive sans la vue, cette activit\u00e9 s&rsquo;impose aujourd&rsquo;hui comme un outil de formation extraordinaire et une source de plaisir \u00a0pour tous les cavaliers qui veulent\u00a0que\u00a0le\u00a0 bien-\u00eatre et\u00a0l&rsquo;\u00e9panouissement du cheval soient les conditions \u00a0indispensables pour pouvoir pratiquer leur passion<\/span><\/h4>\n<h4><span style=\"color: #000000;\">Ce que nous avons fait et ce que nous allons faire doit conforter et dynamiser le d\u00e9veloppement de l&rsquo;ESSV !<\/span><\/h4>\n<h4><strong>D\u00e9couvrez nos actions sur <a href=\"http:\/\/arac-asso.org\/\">\u00a0\u00bb <strong>arac-asso.org \u00ab\u00a0<\/strong><\/a><br \/>\nSuivez notre actualit\u00e9 et r\u00e9agissez sur \u00ab\u00a0<a href=\"http:\/\/essv.fr\/index.php\/acces-pages-facebook\/\"><strong> Nos pages facebook <\/strong><\/a>\u00ab\u00a0<\/strong><\/h4>\n<p>&#8212;&#8212;<\/p>\n<h3>TEMPS FORTS &#8211; ON SE RAPPELLE &#8230;!<\/h3>\n<h3><span style=\"color: #ff6600;\"><strong><strong><strong>\u00ab\u00a0Cheval-Passion\u00a0\u00bb du 17 au 21 janvier 2018\u00a0 <\/strong><\/strong><\/strong><\/span><\/h3>\n<h3><span style=\"color: #ff6600;\">\u00a0<span style=\"color: #000000;\">Conf\u00e9rences et Ateliers sur le th\u00e8me<\/span><\/span><\/h3>\n<h4><span style=\"color: #ff6600;\"><strong>\u00c9QUITATION SENSITIVE SANS LA VUE et P\u00c9DAGOGIE SENSITIVE :<br \/>\nUNE INNOVATION POUR VOTRE CLUB<\/strong><\/span><\/h4>\n<p>Programme d\u00e9taill\u00e9e de nos interventions :<\/p>\n<p><img loading=\"lazy\" decoding=\"async\" class=\"aligncenter size-full wp-image-137\" src=\"https:\/\/arac-asso.org\/wp-content\/uploads\/2018\/01\/GRAND-CLUB.jpg\" alt=\"\" width=\"1000\" height=\"1230\" \/><\/p>\n<p>&#8212;&#8212;<\/p>\n<h3>TEMPS FORTS &#8211; ON SE RAPPELLE &#8230;!<\/h3>\n<h3><span style=\"color: #ff0000;\">L&rsquo;ESSV au village d&rsquo;animation de Caen les 2 et 3 septembre 2014 :<\/span><\/h3>\n<h5>pour t\u00e9l\u00e9charger le flyer \u00a0: cliquez sur\u00a0<a href=\"http:\/\/dev.inzenet.org\/~christian\/JEUX-FLYERS-bis.pdf\">D\u00c9MONSTRATIONS ET BAPT\u00caMES AUX JEUX \u00c9QUESTRES MONDIAUX<\/a><\/h5>\n<h3 style=\"text-align: justify;\"><a href=\"http:\/\/essv.fr\/wp-content\/uploads\/2014\/08\/JEUX-FLYERS.jpeg\"><img loading=\"lazy\" decoding=\"async\" class=\"alignnone size-full wp-image-396\" src=\"http:\/\/essv.fr\/wp-content\/uploads\/2014\/08\/JEUX-FLYERS.jpeg\" alt=\"JEUX-FLYERS\" width=\"826\" height=\"1169\" srcset=\"https:\/\/essv.fr\/wp-content\/uploads\/2014\/08\/JEUX-FLYERS.jpeg 826w, https:\/\/essv.fr\/wp-content\/uploads\/2014\/08\/JEUX-FLYERS-211x300.jpeg 211w, https:\/\/essv.fr\/wp-content\/uploads\/2014\/08\/JEUX-FLYERS-723x1024.jpeg 723w, https:\/\/essv.fr\/wp-content\/uploads\/2014\/08\/JEUX-FLYERS-100x141.jpeg 100w, https:\/\/essv.fr\/wp-content\/uploads\/2014\/08\/JEUX-FLYERS-150x212.jpeg 150w, https:\/\/essv.fr\/wp-content\/uploads\/2014\/08\/JEUX-FLYERS-200x283.jpeg 200w, https:\/\/essv.fr\/wp-content\/uploads\/2014\/08\/JEUX-FLYERS-300x424.jpeg 300w, https:\/\/essv.fr\/wp-content\/uploads\/2014\/08\/JEUX-FLYERS-450x636.jpeg 450w, https:\/\/essv.fr\/wp-content\/uploads\/2014\/08\/JEUX-FLYERS-600x849.jpeg 600w\" sizes=\"auto, (max-width: 826px) 100vw, 826px\" \/><\/a><\/h3>\n<p>&nbsp;<\/p>\n<h3 style=\"text-align: justify;\"><\/h3>\n<p>&nbsp;<\/p>\n<p>&nbsp;<\/p>\n<p>&nbsp;<\/p>\n<p>&nbsp;<\/p>\n","protected":false},"excerpt":{"rendered":"<p>Au del\u00e0 de ce que nos cavaliers d\u00e9ficients visuels ont pu concr\u00e9tiser par leur ma\u00eetrise de l&rsquo;Equitation sensitive sans la vue, cette activit\u00e9 s&rsquo;impose aujourd&rsquo;hui comme un outil de formation extraordinaire et une source de plaisir \u00a0pour tous les cavaliers &hellip;<\/p>\n<p class=\"read-more\"> <a class=\"more-link\" href=\"https:\/\/essv.fr\/index.php\/activites\/\"> <span class=\"screen-reader-text\">L&rsquo;ESSV EN MOUVEMENT :  Activit\u00e9s et projets<\/span> Read More &raquo;<\/a><\/p>\n","protected":false},"author":2,"featured_media":0,"parent":0,"menu_order":0,"comment_status":"closed","ping_status":"closed","template":"","meta":{"footnotes":""},"class_list":["post-298","page","type-page","status-publish","hentry"],"_links":{"self":[{"href":"https:\/\/essv.fr\/index.php\/wp-json\/wp\/v2\/pages\/298","targetHints":{"allow":["GET"]}}],"collection":[{"href":"https:\/\/essv.fr\/index.php\/wp-json\/wp\/v2\/pages"}],"about":[{"href":"https:\/\/essv.fr\/index.php\/wp-json\/wp\/v2\/types\/page"}],"author":[{"embeddable":true,"href":"https:\/\/essv.fr\/index.php\/wp-json\/wp\/v2\/users\/2"}],"replies":[{"embeddable":true,"href":"https:\/\/essv.fr\/index.php\/wp-json\/wp\/v2\/comments?post=298"}],"version-history":[{"count":37,"href":"https:\/\/essv.fr\/index.php\/wp-json\/wp\/v2\/pages\/298\/revisions"}],"predecessor-version":[{"id":785,"href":"https:\/\/essv.fr\/index.php\/wp-json\/wp\/v2\/pages\/298\/revisions\/785"}],"wp:attachment":[{"href":"https:\/\/essv.fr\/index.php\/wp-json\/wp\/v2\/media?parent=298"}],"curies":[{"name":"wp","href":"https:\/\/api.w.org\/{rel}","templated":true}]}}